{"id":9,"date":"2012-11-26T19:54:34","date_gmt":"2012-11-26T19:54:34","guid":{"rendered":"http:\/\/levangilealecran.com\/?page_id=9"},"modified":"2025-04-24T16:11:54","modified_gmt":"2025-04-24T14:11:54","slug":"auteurs","status":"publish","type":"page","link":"https:\/\/levangilealecran.com\/?page_id=9","title":{"rendered":"Auteurs"},"content":{"rendered":"\n<h3 class=\"wp-block-heading\"><span style=\"color: #800000;\"><strong>Les Auteurs de l&rsquo;Evangile \u00e0 l&rsquo;Ecran :<\/strong><\/span><\/h3>\n\n\n\n<p class=\"wp-block-paragraph\">En alternance, chaque semaine, six th\u00e9ologiens, jeunes d&rsquo;\u00e2ge ou d&rsquo;esprit, et dynamiques choisissent un verset de l&rsquo;Evangile du dimanche et r\u00e9digent la petite perle qui va vous accompagner toute la semaine.<\/p>\n\n\n\n<p class=\"wp-block-paragraph\">Par le pass\u00e9, pendant la Semaine Sainte, ils r\u00e9digaient chaque jour l&rsquo;habituelle petite piste pour mieux monter avec vous vers P\u00e2ques.<br><br>Pendant l&rsquo;Avent, pendant trois ans, ils ont laiss\u00e9 la place \u00e0 25 plumes c\u00e9l\u00e8bres ou non pour un petit message quotidien.<\/p>\n\n\n\n<p class=\"wp-block-paragraph\">______________________________________________________<\/p>\n\n\n<div class=\"wp-block-image\">\n<figure class=\"alignleft is-resized\"><a href=\"https:\/\/levangilealecran.com\/wp-content\/uploads\/2024\/10\/srjacquelineloretan.jpg\"><img loading=\"lazy\" decoding=\"async\" width=\"240\" height=\"292\" src=\"https:\/\/levangilealecran.com\/wp-content\/uploads\/2024\/10\/srjacquelineloretan.jpg\" alt=\"\" class=\"wp-image-3133\" style=\"width:200px\" title=\"\" srcset=\"https:\/\/levangilealecran.com\/wp-content\/uploads\/2024\/10\/srjacquelineloretan.jpg 240w, https:\/\/levangilealecran.com\/wp-content\/uploads\/2024\/10\/srjacquelineloretan-123x150.jpg 123w\" sizes=\"auto, (max-width: 240px) 100vw, 240px\" \/><\/a><\/figure>\n<\/div>\n\n\n<p class=\"wp-block-paragraph\"><strong><span style=\"color: #ff00ff;\">Soeur Jacqueline Loretan<\/span><\/strong><\/p>\n\n\n\n<p class=\"wp-block-paragraph\">Soeur de St Maurice.<\/p>\n\n\n\n<p class=\"wp-block-paragraph\">La Pelouse (VD)<\/p>\n\n\n\n<p class=\"wp-block-paragraph\"><span style=\"color: #ff00ff;\"><em>jacqueline.loretan@lapelouse.ch<\/em><\/span><br><br>&nbsp;<br>&nbsp;<\/p>\n\n\n\n<p class=\"wp-block-paragraph\">______________________________________________________<\/p>\n\n\n<div class=\"wp-block-image\">\n<figure class=\"alignleft is-resized\"><a href=\"https:\/\/levangilealecran.com\/wp-content\/uploads\/2018\/02\/Anne-Sylvie.jpg\"><img loading=\"lazy\" decoding=\"async\" width=\"340\" height=\"391\" src=\"https:\/\/levangilealecran.com\/wp-content\/uploads\/2018\/02\/Anne-Sylvie.jpg\" alt=\"\" class=\"wp-image-1362\" style=\"width:200px\" title=\"\" srcset=\"https:\/\/levangilealecran.com\/wp-content\/uploads\/2018\/02\/Anne-Sylvie.jpg 340w, https:\/\/levangilealecran.com\/wp-content\/uploads\/2018\/02\/Anne-Sylvie-261x300.jpg 261w, https:\/\/levangilealecran.com\/wp-content\/uploads\/2018\/02\/Anne-Sylvie-130x150.jpg 130w\" sizes=\"auto, (max-width: 340px) 100vw, 340px\" \/><\/a><\/figure>\n<\/div>\n\n\n<p class=\"wp-block-paragraph\"><strong><span style=\"color: #ff00ff;\">Anne-Sylvie Martin<\/span><\/strong><\/p>\n\n\n\n<p class=\"wp-block-paragraph\">Dipl\u00f4me du S\u00e9minaire de Culture th\u00e9ologique<\/p>\n\n\n\n<p class=\"wp-block-paragraph\">Diacre, Aum\u00f4nier dans les h\u00f4pitaux de Riviera-Chablais<\/p>\n\n\n\n<p class=\"wp-block-paragraph\"><span style=\"color: #ff00ff;\"><em>anne-sylvie.martin@eerv.ch<\/em><\/span><\/p>\n\n\n\n<p class=\"wp-block-paragraph\">&nbsp;<br>______________________________________________________<\/p>\n\n\n<div class=\"wp-block-image\">\n<figure class=\"alignleft is-resized\"><a href=\"https:\/\/levangilealecran.com\/wp-content\/uploads\/2018\/02\/ste_pasaj_visage-e1586080156699.jpg\"><img loading=\"lazy\" decoding=\"async\" width=\"1373\" height=\"1668\" src=\"https:\/\/levangilealecran.com\/wp-content\/uploads\/2018\/02\/ste_pasaj_visage-e1586080156699.jpg\" alt=\"\" class=\"wp-image-1368\" style=\"width:200px\" srcset=\"https:\/\/levangilealecran.com\/wp-content\/uploads\/2018\/02\/ste_pasaj_visage-e1586080156699.jpg 1373w, https:\/\/levangilealecran.com\/wp-content\/uploads\/2018\/02\/ste_pasaj_visage-e1586080156699-247x300.jpg 247w, https:\/\/levangilealecran.com\/wp-content\/uploads\/2018\/02\/ste_pasaj_visage-e1586080156699-768x933.jpg 768w, https:\/\/levangilealecran.com\/wp-content\/uploads\/2018\/02\/ste_pasaj_visage-e1586080156699-843x1024.jpg 843w, https:\/\/levangilealecran.com\/wp-content\/uploads\/2018\/02\/ste_pasaj_visage-e1586080156699-600x729.jpg 600w, https:\/\/levangilealecran.com\/wp-content\/uploads\/2018\/02\/ste_pasaj_visage-e1586080156699-123x150.jpg 123w, https:\/\/levangilealecran.com\/wp-content\/uploads\/2018\/02\/ste_pasaj_visage-e1586080156699-1264x1536.jpg 1264w\" sizes=\"auto, (max-width: 1373px) 100vw, 1373px\" \/><\/a><\/figure>\n<\/div>\n\n\n<p class=\"wp-block-paragraph\"><span style=\"color: #0000ff;\"><strong>St\u00e9phane Ernst<\/strong><\/span><\/p>\n\n\n\n<p class=\"wp-block-paragraph\">Animateur Pastoral, Aum\u00f4nerie gymnases et \u00e9coles professionnelles (aux gymnases de Morges, Bugnon Ours et S\u00e9velin \u00e0 Lausanne, Chamblandes \u00e0 Pully). PASAJ-D\u00e9partement 15-25 ans, \u00c9glise Catholique Vaud.<br>Dipl\u00f4m\u00e9 de l\u2019institut catholique romand des formations au minist\u00e8re.<\/p>\n\n\n\n<p class=\"wp-block-paragraph\"><span style=\"color: #0000ff;\"><em>stephane.ernst@cath-vd.ch<\/em><\/span><\/p>\n\n\n\n<p class=\"wp-block-paragraph\">&nbsp;<br>______________________________________________________<\/p>\n\n\n<div class=\"wp-block-image\">\n<figure class=\"alignleft is-resized\"><a href=\"https:\/\/levangilealecran.com\/wp-content\/uploads\/2021\/08\/VLaubeCarre.jpg\"><img loading=\"lazy\" decoding=\"async\" width=\"328\" height=\"434\" src=\"https:\/\/levangilealecran.com\/wp-content\/uploads\/2021\/08\/VLaubeCarre.jpg\" alt=\"\" class=\"wp-image-2364\" style=\"width:200px\" srcset=\"https:\/\/levangilealecran.com\/wp-content\/uploads\/2021\/08\/VLaubeCarre.jpg 328w, https:\/\/levangilealecran.com\/wp-content\/uploads\/2021\/08\/VLaubeCarre-227x300.jpg 227w, https:\/\/levangilealecran.com\/wp-content\/uploads\/2021\/08\/VLaubeCarre-113x150.jpg 113w\" sizes=\"auto, (max-width: 328px) 100vw, 328px\" \/><\/a><\/figure>\n<\/div>\n\n\n<p class=\"wp-block-paragraph\"><span style=\"color: #3366ff;\"><strong style=\"text-align: justify;\"><span style=\"color: #0000ff;\">Vincent Lafargue<\/span><\/strong><\/span><\/p>\n\n\n\n<p class=\"wp-block-paragraph\">Master en Th\u00e9ologie<\/p>\n\n\n\n<p class=\"wp-block-paragraph\">Pr\u00eatre du dioc\u00e8se de Sion, aum\u00f4nier \u00e0 l&rsquo;H\u00f4pital Riviera Chablais et auxiliaire dans les paroisses du secteur d&rsquo;Aigle (VD).<\/p>\n\n\n\n<p class=\"wp-block-paragraph\"><span style=\"color: #0000ff;\"><em>vincent.lafargue@cath-vd.ch<\/em><\/span><br>&nbsp;<\/p>\n\n\n\n<p class=\"wp-block-paragraph\">&nbsp;<br>______________________________________________________<\/p>\n\n\n<div class=\"wp-block-image\">\n<figure class=\"alignleft size-full is-resized\"><img loading=\"lazy\" decoding=\"async\" width=\"490\" height=\"490\" src=\"https:\/\/levangilealecran.com\/wp-content\/uploads\/2025\/04\/IMG_1028.jpg\" alt=\"\" class=\"wp-image-3243\" style=\"width:200px\" srcset=\"https:\/\/levangilealecran.com\/wp-content\/uploads\/2025\/04\/IMG_1028.jpg 490w, https:\/\/levangilealecran.com\/wp-content\/uploads\/2025\/04\/IMG_1028-300x300.jpg 300w, https:\/\/levangilealecran.com\/wp-content\/uploads\/2025\/04\/IMG_1028-150x150.jpg 150w\" sizes=\"auto, (max-width: 490px) 100vw, 490px\" \/><\/figure>\n<\/div>\n\n\n<p class=\"wp-block-paragraph\"><span style=\"color: #3366ff;\"><strong style=\"text-align: justify;\"><span style=\"color: #0000ff;\">Thomas Salamoni<\/span><\/strong><\/span><\/p>\n\n\n\n<p class=\"wp-block-paragraph\">Master en \u00c9tudes chr\u00e9tiennes et Master en Th\u00e9ologie<\/p>\n\n\n\n<p class=\"wp-block-paragraph\">Pasteur de l&rsquo;\u00c9glise \u00e9vang\u00e9lique Arc-en-Ciel de Gland (VD). Impliqu\u00e9 dans diff\u00e9rentes formations au pr\u00e8s et au loin.<\/p>\n\n\n\n<p class=\"wp-block-paragraph\"><span style=\"color: #0000ff;\"><em>thomas.salamoni@aec.church<\/em><\/span><\/p>\n\n\n\n<p class=\"wp-block-paragraph\">______________________________________________________<\/p>\n\n\n<div class=\"wp-block-image\">\n<figure class=\"alignleft is-resized\"><a href=\"https:\/\/levangilealecran.com\/wp-content\/uploads\/2020\/04\/Philippe-Zannelli.jpg\"><img loading=\"lazy\" decoding=\"async\" width=\"207\" height=\"263\" src=\"https:\/\/levangilealecran.com\/wp-content\/uploads\/2020\/04\/Philippe-Zannelli.jpg\" alt=\"\" class=\"wp-image-2016\" style=\"width:200px\" srcset=\"https:\/\/levangilealecran.com\/wp-content\/uploads\/2020\/04\/Philippe-Zannelli.jpg 207w, https:\/\/levangilealecran.com\/wp-content\/uploads\/2020\/04\/Philippe-Zannelli-118x150.jpg 118w\" sizes=\"auto, (max-width: 207px) 100vw, 207px\" \/><\/a><\/figure>\n<\/div>\n\n\n<p class=\"wp-block-paragraph\"><strong><span style=\"color: #0000ff;\">Philippe Zannelli<\/span><\/strong><\/p>\n\n\n\n<p class=\"wp-block-paragraph\">Master en Th\u00e9ologie,<\/p>\n\n\n\n<p class=\"wp-block-paragraph\">Animateur d&rsquo;\u00e9glise \u00e0 St Cergue (VD) et St Saphorin (VD)<\/p>\n\n\n\n<p class=\"wp-block-paragraph\"><span style=\"color: #0000ff;\"><em>philippe.zannelli@eerv.ch&nbsp;<\/em><\/span><\/p>\n\n\n\n<p class=\"wp-block-paragraph\"><br>______________________________________________________<\/p>\n\n\n\n<p class=\"wp-block-paragraph\">&nbsp;<\/p>\n\n\n\n<h3 class=\"wp-block-heading\"><span style=\"color: #800000;\">Les \u00ab\u00a0anciens\u00a0\u00bb<\/span><\/h3>\n\n\n\n<p class=\"wp-block-paragraph\"><em>Les fondateurs de l&rsquo;Evangile \u00e0 l&rsquo;Ecran, r\u00e9dacteurs de 2012 \u00e0 2017 :<\/em><\/p>\n\n\n\n<figure class=\"wp-block-image is-resized\"><a href=\"https:\/\/levangilealecran.com\/wp-content\/uploads\/2012\/12\/EALE2014.jpg\"><img loading=\"lazy\" decoding=\"async\" width=\"827\" height=\"328\" src=\"https:\/\/levangilealecran.com\/wp-content\/uploads\/2012\/12\/EALE2014.jpg\" alt=\"\" class=\"wp-image-598\" style=\"width:555px;height:auto\" title=\"\" srcset=\"https:\/\/levangilealecran.com\/wp-content\/uploads\/2012\/12\/EALE2014.jpg 827w, https:\/\/levangilealecran.com\/wp-content\/uploads\/2012\/12\/EALE2014-300x118.jpg 300w, https:\/\/levangilealecran.com\/wp-content\/uploads\/2012\/12\/EALE2014-600x237.jpg 600w, https:\/\/levangilealecran.com\/wp-content\/uploads\/2012\/12\/EALE2014-250x99.jpg 250w, https:\/\/levangilealecran.com\/wp-content\/uploads\/2012\/12\/EALE2014-150x59.jpg 150w\" sizes=\"auto, (max-width: 827px) 100vw, 827px\" \/><\/a><\/figure>\n\n\n\n<p class=\"wp-block-paragraph\"><em>Vincent Lafargue, Benjamin Corbaz, Marie Lariv\u00e9, Elise Cairus, Florence Magnin<\/em><\/p>\n\n\n\n<h3 class=\"wp-block-heading\"><span style=\"color: #800000;\">Les \u00ab\u00a0anciens\u00a0\u00bb et les \u00ab\u00a0nouveaux\u00a0\u00bb<\/span><\/h3>\n\n\n<div class=\"wp-block-image\">\n<figure class=\"alignleft is-resized\"><a href=\"https:\/\/levangilealecran.com\/wp-content\/uploads\/2018\/03\/201608c0d51fc4121a24d92d832c8aed-e1519997723387.jpg\"><img loading=\"lazy\" decoding=\"async\" width=\"1024\" height=\"529\" src=\"https:\/\/levangilealecran.com\/wp-content\/uploads\/2018\/03\/201608c0d51fc4121a24d92d832c8aed-e1519997723387.jpg\" alt=\"\" class=\"wp-image-1404\" style=\"width:506px;height:auto\" title=\"\" srcset=\"https:\/\/levangilealecran.com\/wp-content\/uploads\/2018\/03\/201608c0d51fc4121a24d92d832c8aed-e1519997723387.jpg 1024w, https:\/\/levangilealecran.com\/wp-content\/uploads\/2018\/03\/201608c0d51fc4121a24d92d832c8aed-e1519997723387-300x155.jpg 300w, https:\/\/levangilealecran.com\/wp-content\/uploads\/2018\/03\/201608c0d51fc4121a24d92d832c8aed-e1519997723387-768x397.jpg 768w, https:\/\/levangilealecran.com\/wp-content\/uploads\/2018\/03\/201608c0d51fc4121a24d92d832c8aed-e1519997723387-600x310.jpg 600w, https:\/\/levangilealecran.com\/wp-content\/uploads\/2018\/03\/201608c0d51fc4121a24d92d832c8aed-e1519997723387-150x77.jpg 150w, https:\/\/levangilealecran.com\/wp-content\/uploads\/2018\/03\/201608c0d51fc4121a24d92d832c8aed-e1519997723387-250x129.jpg 250w\" sizes=\"auto, (max-width: 1024px) 100vw, 1024px\" \/><\/a><\/figure>\n<\/div>\n\n\n<p class=\"wp-block-paragraph\">en haut :&nbsp;<em>Marie Lariv\u00e9, Romain Leduc, Elise Cairus, St\u00e9phane Ernst<br><\/em><\/p>\n\n\n\n<p class=\"wp-block-paragraph\">en bas :<em>&nbsp;Benjamin Corbaz,&nbsp;Vincent Lafargue,&nbsp;Anne-Sylvie Martin<br>manquent, de cette vol\u00e9e : Florence Magnin, Nicolas Charri\u00e8re<\/em><\/p>\n","protected":false},"excerpt":{"rendered":"<p>Les Auteurs de l&rsquo;Evangile \u00e0 l&rsquo;Ecran : En alternance, chaque semaine, six th\u00e9ologiens, jeunes d&rsquo;\u00e2ge ou d&rsquo;esprit, et dynamiques choisissent un verset de l&rsquo;Evangile du dimanche et r\u00e9digent la petite perle qui va vous accompagner toute la semaine. Par le pass\u00e9, pendant la Semaine Sainte, ils r\u00e9digaient chaque jour l&rsquo;habituelle petite piste pour mieux monter avec vous vers P\u00e2ques. Pendant l&rsquo;Avent, pendant trois ans, ils ont laiss\u00e9 la place \u00e0 25 plumes c\u00e9l\u00e8bres ou non pour un petit message quotidien. ______________________________________________________ Soeur Jacqueline Loretan Soeur de St Maurice. La Pelouse (VD) jacqueline.loretan@lapelouse.ch &nbsp;&nbsp; ______________________________________________________ Anne-Sylvie Martin Dipl\u00f4me du S\u00e9minaire de Culture th\u00e9ologique Diacre, Aum\u00f4nier dans les h\u00f4pitaux de Riviera-Chablais anne-sylvie.martin@eerv.ch \u2026 <a class=\"continue-reading-link\" href=\"https:\/\/levangilealecran.com\/?page_id=9\"> Continue reading <span class=\"meta-nav\">&rarr; <\/span><\/a><\/p>\n","protected":false},"author":1,"featured_media":0,"parent":0,"menu_order":0,"comment_status":"open","ping_status":"open","template":"","meta":{"footnotes":""},"class_list":["post-9","page","type-page","status-publish","hentry"],"_links":{"self":[{"href":"https:\/\/levangilealecran.com\/index.php?rest_route=\/wp\/v2\/pages\/9","targetHints":{"allow":["GET"]}}],"collection":[{"href":"https:\/\/levangilealecran.com\/index.php?rest_route=\/wp\/v2\/pages"}],"about":[{"href":"https:\/\/levangilealecran.com\/index.php?rest_route=\/wp\/v2\/types\/page"}],"author":[{"embeddable":true,"href":"https:\/\/levangilealecran.com\/index.php?rest_route=\/wp\/v2\/users\/1"}],"replies":[{"embeddable":true,"href":"https:\/\/levangilealecran.com\/index.php?rest_route=%2Fwp%2Fv2%2Fcomments&post=9"}],"version-history":[{"count":100,"href":"https:\/\/levangilealecran.com\/index.php?rest_route=\/wp\/v2\/pages\/9\/revisions"}],"predecessor-version":[{"id":3258,"href":"https:\/\/levangilealecran.com\/index.php?rest_route=\/wp\/v2\/pages\/9\/revisions\/3258"}],"wp:attachment":[{"href":"https:\/\/levangilealecran.com\/index.php?rest_route=%2Fwp%2Fv2%2Fmedia&parent=9"}],"curies":[{"name":"wp","href":"https:\/\/api.w.org\/{rel}","templated":true}]}}